{"id":34859,"date":"2020-06-22T08:40:10","date_gmt":"2020-06-22T08:40:10","guid":{"rendered":"https:\/\/dexterlifts.com\/henkilonostimet\/"},"modified":"2022-10-19T16:19:34","modified_gmt":"2022-10-19T13:19:34","slug":"henkilonostimet","status":"publish","type":"page","link":"https:\/\/dexterlifts.com\/sv\/henkilonostimet\/","title":{"rendered":"Personliga lyft"},"content":{"rendered":"<p>[et_pb_section fb_built=&#8221;1&#8243; _builder_version=&#8221;4.4.7&#8243; global_colors_info=&#8221;{}&#8221;][et_pb_row _builder_version=&#8221;4.4.8&#8243; global_colors_info=&#8221;{}&#8221;][et_pb_column type=&#8221;4_4&#8243; _builder_version=&#8221;4.4.8&#8243; global_colors_info=&#8221;{}&#8221;][et_pb_blurb title=&#8221;Nya och begagnade personlyftar fr\u00e5n Dexter&#8221; content_max_width=&#8221;1100px&#8221; _builder_version=&#8221;4.13.0&#8243; header_level=&#8221;h2&#8243; text_orientation=&#8221;justified&#8221; global_colors_info=&#8221;{}&#8221;]<\/p>\n<p>Om ditt nuvarande personlyft inte l\u00e4ngre uppfyller dina behov b\u00f6r du bekanta dig med de nya modellerna i v\u00e5r produktion. Om du d\u00e4remot letar efter en mer prisv\u00e4rd l\u00f6sning f\u00f6r dina personliga lyftbehov hittar du \u00e4ven en lista \u00f6ver de begagnade hissar vi just nu har till salu. Alla personlyftar vi s\u00e4ljer \u00e4r besiktigade och underh\u00e5llna av oss, s\u00e5 du beh\u00f6ver inte oroa dig f\u00f6r s\u00e4kerheten \u00e4ven n\u00e4r du k\u00f6per en begagnad hiss.<\/p>\n<p>[\/et_pb_blurb][\/et_pb_column][\/et_pb_row][et_pb_row column_structure=&#8221;1_2,1_2&#8243; _builder_version=&#8221;4.4.7&#8243; custom_padding=&#8221;||43px|||&#8221; global_colors_info=&#8221;{}&#8221;][et_pb_column type=&#8221;1_2&#8243; _builder_version=&#8221;4.4.7&#8243; global_colors_info=&#8221;{}&#8221;][et_pb_image src=&#8221;https:\/\/dexterlifts.com\/wp-content\/uploads\/2020\/03\/15za01-024.jpg&#8221; title_text=&#8221;15za01 024&#8243; url=&#8221;https:\/\/dexterlifts.com\/#nostimet&#8221; _builder_version=&#8221;4.4.8&#8243; global_colors_info=&#8221;{}&#8221;][\/et_pb_image][et_pb_button button_url=&#8221;https:\/\/dexterlifts.com\/#nostimet&#8221; button_text=&#8221;De nya&#8221; button_alignment=&#8221;center&#8221; _builder_version=&#8221;4.4.8&#8243; global_colors_info=&#8221;{}&#8221;][\/et_pb_button][\/et_pb_column][et_pb_column type=&#8221;1_2&#8243; _builder_version=&#8221;4.4.7&#8243; global_colors_info=&#8221;{}&#8221;][et_pb_image src=&#8221;https:\/\/dexterlifts.com\/wp-content\/uploads\/2020\/08\/kaytetty_19ZS-scaled.jpg&#8221; alt=&#8221;2019 &#8211; F\u00f6retagets nyaste modell Dexter 15 ZA midjestyrd bomlyft&#8221; title_text=&#8221;used_19ZS&#8221; url=&#8221;https:\/\/dexterlifts.com\/sv\/henkilonostimet\/kaytetyt-henkilonostimet\/&#8221; _builder_version=&#8221;4.14.2&#8243; max_height=&#8221;535px&#8221; hover_enabled=&#8221;0&#8243; global_colors_info=&#8221;{}&#8221; sticky_enabled=&#8221;0&#8243;][\/et_pb_image][et_pb_button button_url=&#8221;https:\/\/dexterlifts.com\/sv\/henkilonostimet\/kaytetyt-henkilonostimet\/&#8221; button_text=&#8221;Begagnade&#8221; button_alignment=&#8221;center&#8221; _builder_version=&#8221;4.14.2&#8243; custom_button=&#8221;on&#8221; button_border_radius=&#8221;10px&#8221; hover_enabled=&#8221;0&#8243; global_colors_info=&#8221;{}&#8221; sticky_enabled=&#8221;0&#8243;][\/et_pb_button][\/et_pb_column][\/et_pb_row][\/et_pb_section]<\/p>\n","protected":false},"excerpt":{"rendered":"<p>Om ditt nuvarande personlyft inte l\u00e4ngre uppfyller dina behov b\u00f6r du bekanta dig med de nya modellerna i v\u00e5r produktion. Om du d\u00e4remot letar efter en mer prisv\u00e4rd l\u00f6sning f\u00f6r dina personliga lyftbehov hittar du \u00e4ven en lista \u00f6ver de begagnade hissar vi just nu har till salu. Alla personlyftar vi s\u00e4ljer \u00e4r besiktigade och [&hellip;]<\/p>\n","protected":false},"author":3,"featured_media":0,"parent":0,"menu_order":0,"comment_status":"closed","ping_status":"closed","template":"","meta":{"_et_pb_use_builder":"on","_et_pb_old_content":"","_et_gb_content_width":"","footnotes":""},"class_list":["post-34859","page","type-page","status-publish","hentry"],"yoast_head":"<!-- This site is optimized with the Yoast SEO plugin v27.5 - https:\/\/yoast.com\/product\/yoast-seo-wordpress\/ -->\n<title>Personliga lyft - Korkealaatuiset Dexter-henkil\u00f6nostimet<\/title>\n<meta name=\"robots\" content=\"index, follow, max-snippet:-1, max-image-preview:large, max-video-preview:-1\" \/>\n<link rel=\"canonical\" href=\"https:\/\/dexterlifts.com\/sv\/henkilonostimet\/\" \/>\n<meta property=\"og:locale\" content=\"sv_SE\" \/>\n<meta property=\"og:type\" content=\"article\" \/>\n<meta property=\"og:title\" content=\"Personliga lyft - Korkealaatuiset Dexter-henkil\u00f6nostimet\" \/>\n<meta property=\"og:description\" content=\"Om ditt nuvarande personlyft inte l\u00e4ngre uppfyller dina behov b\u00f6r du bekanta dig med de nya modellerna i v\u00e5r produktion. Om du d\u00e4remot letar efter en mer prisv\u00e4rd l\u00f6sning f\u00f6r dina personliga lyftbehov hittar du \u00e4ven en lista \u00f6ver de begagnade hissar vi just nu har till salu. Alla personlyftar vi s\u00e4ljer \u00e4r besiktigade och [&hellip;]\" \/>\n<meta property=\"og:url\" content=\"https:\/\/dexterlifts.com\/sv\/henkilonostimet\/\" \/>\n<meta property=\"og:site_name\" content=\"Korkealaatuiset Dexter-henkil\u00f6nostimet\" \/>\n<meta property=\"article:modified_time\" content=\"2022-10-19T13:19:34+00:00\" \/>\n<meta name=\"twitter:card\" content=\"summary_large_image\" \/>\n<meta name=\"twitter:label1\" content=\"Ber\u00e4knad l\u00e4stid\" \/>\n\t<meta name=\"twitter:data1\" content=\"2 minuter\" \/>\n<script type=\"application\/ld+json\" class=\"yoast-schema-graph\">{\"@context\":\"https:\\\/\\\/schema.org\",\"@graph\":[{\"@type\":\"WebPage\",\"@id\":\"https:\\\/\\\/dexterlifts.com\\\/sv\\\/henkilonostimet\\\/\",\"url\":\"https:\\\/\\\/dexterlifts.com\\\/sv\\\/henkilonostimet\\\/\",\"name\":\"Personliga lyft - Korkealaatuiset Dexter-henkil\u00f6nostimet\",\"isPartOf\":{\"@id\":\"https:\\\/\\\/dexterlifts.com\\\/#website\"},\"datePublished\":\"2020-06-22T08:40:10+00:00\",\"dateModified\":\"2022-10-19T13:19:34+00:00\",\"breadcrumb\":{\"@id\":\"https:\\\/\\\/dexterlifts.com\\\/sv\\\/henkilonostimet\\\/#breadcrumb\"},\"inLanguage\":\"sv-SE\",\"potentialAction\":[{\"@type\":\"ReadAction\",\"target\":[\"https:\\\/\\\/dexterlifts.com\\\/sv\\\/henkilonostimet\\\/\"]}]},{\"@type\":\"BreadcrumbList\",\"@id\":\"https:\\\/\\\/dexterlifts.com\\\/sv\\\/henkilonostimet\\\/#breadcrumb\",\"itemListElement\":[{\"@type\":\"ListItem\",\"position\":1,\"name\":\"Home\",\"item\":\"https:\\\/\\\/dexterlifts.com\\\/sv\\\/\"},{\"@type\":\"ListItem\",\"position\":2,\"name\":\"Personliga lyft\"}]},{\"@type\":\"WebSite\",\"@id\":\"https:\\\/\\\/dexterlifts.com\\\/#website\",\"url\":\"https:\\\/\\\/dexterlifts.com\\\/\",\"name\":\"Dexter Lifts Oy - Dexter henkil\u00f6nostimet\",\"description\":\"Suomalaisia korkealaatuisia Dexter-henkil\u00f6nostimia monipuolisiin k\u00e4ytt\u00f6tarkoituksiin.\",\"publisher\":{\"@id\":\"https:\\\/\\\/dexterlifts.com\\\/#organization\"},\"potentialAction\":[{\"@type\":\"SearchAction\",\"target\":{\"@type\":\"EntryPoint\",\"urlTemplate\":\"https:\\\/\\\/dexterlifts.com\\\/?s={search_term_string}\"},\"query-input\":{\"@type\":\"PropertyValueSpecification\",\"valueRequired\":true,\"valueName\":\"search_term_string\"}}],\"inLanguage\":\"sv-SE\"},{\"@type\":\"Organization\",\"@id\":\"https:\\\/\\\/dexterlifts.com\\\/#organization\",\"name\":\"Dexter Lifts Oy\",\"url\":\"https:\\\/\\\/dexterlifts.com\\\/\",\"logo\":{\"@type\":\"ImageObject\",\"inLanguage\":\"sv-SE\",\"@id\":\"https:\\\/\\\/dexterlifts.com\\\/#\\\/schema\\\/logo\\\/image\\\/\",\"url\":\"https:\\\/\\\/dexterlifts.com\\\/wp-content\\\/uploads\\\/2020\\\/05\\\/dexterlifts-logo-4-scale.jpg\",\"contentUrl\":\"https:\\\/\\\/dexterlifts.com\\\/wp-content\\\/uploads\\\/2020\\\/05\\\/dexterlifts-logo-4-scale.jpg\",\"width\":1000,\"height\":670,\"caption\":\"Dexter Lifts Oy\"},\"image\":{\"@id\":\"https:\\\/\\\/dexterlifts.com\\\/#\\\/schema\\\/logo\\\/image\\\/\"}}]}<\/script>\n<!-- \/ Yoast SEO plugin. -->","yoast_head_json":{"title":"Personliga lyft - Korkealaatuiset Dexter-henkil\u00f6nostimet","robots":{"index":"index","follow":"follow","max-snippet":"max-snippet:-1","max-image-preview":"max-image-preview:large","max-video-preview":"max-video-preview:-1"},"canonical":"https:\/\/dexterlifts.com\/sv\/henkilonostimet\/","og_locale":"sv_SE","og_type":"article","og_title":"Personliga lyft - Korkealaatuiset Dexter-henkil\u00f6nostimet","og_description":"Om ditt nuvarande personlyft inte l\u00e4ngre uppfyller dina behov b\u00f6r du bekanta dig med de nya modellerna i v\u00e5r produktion. Om du d\u00e4remot letar efter en mer prisv\u00e4rd l\u00f6sning f\u00f6r dina personliga lyftbehov hittar du \u00e4ven en lista \u00f6ver de begagnade hissar vi just nu har till salu. Alla personlyftar vi s\u00e4ljer \u00e4r besiktigade och [&hellip;]","og_url":"https:\/\/dexterlifts.com\/sv\/henkilonostimet\/","og_site_name":"Korkealaatuiset Dexter-henkil\u00f6nostimet","article_modified_time":"2022-10-19T13:19:34+00:00","twitter_card":"summary_large_image","twitter_misc":{"Ber\u00e4knad l\u00e4stid":"2 minuter"},"schema":{"@context":"https:\/\/schema.org","@graph":[{"@type":"WebPage","@id":"https:\/\/dexterlifts.com\/sv\/henkilonostimet\/","url":"https:\/\/dexterlifts.com\/sv\/henkilonostimet\/","name":"Personliga lyft - Korkealaatuiset Dexter-henkil\u00f6nostimet","isPartOf":{"@id":"https:\/\/dexterlifts.com\/#website"},"datePublished":"2020-06-22T08:40:10+00:00","dateModified":"2022-10-19T13:19:34+00:00","breadcrumb":{"@id":"https:\/\/dexterlifts.com\/sv\/henkilonostimet\/#breadcrumb"},"inLanguage":"sv-SE","potentialAction":[{"@type":"ReadAction","target":["https:\/\/dexterlifts.com\/sv\/henkilonostimet\/"]}]},{"@type":"BreadcrumbList","@id":"https:\/\/dexterlifts.com\/sv\/henkilonostimet\/#breadcrumb","itemListElement":[{"@type":"ListItem","position":1,"name":"Home","item":"https:\/\/dexterlifts.com\/sv\/"},{"@type":"ListItem","position":2,"name":"Personliga lyft"}]},{"@type":"WebSite","@id":"https:\/\/dexterlifts.com\/#website","url":"https:\/\/dexterlifts.com\/","name":"Dexter Lifts Oy - Dexter henkil\u00f6nostimet","description":"Suomalaisia korkealaatuisia Dexter-henkil\u00f6nostimia monipuolisiin k\u00e4ytt\u00f6tarkoituksiin.","publisher":{"@id":"https:\/\/dexterlifts.com\/#organization"},"potentialAction":[{"@type":"SearchAction","target":{"@type":"EntryPoint","urlTemplate":"https:\/\/dexterlifts.com\/?s={search_term_string}"},"query-input":{"@type":"PropertyValueSpecification","valueRequired":true,"valueName":"search_term_string"}}],"inLanguage":"sv-SE"},{"@type":"Organization","@id":"https:\/\/dexterlifts.com\/#organization","name":"Dexter Lifts Oy","url":"https:\/\/dexterlifts.com\/","logo":{"@type":"ImageObject","inLanguage":"sv-SE","@id":"https:\/\/dexterlifts.com\/#\/schema\/logo\/image\/","url":"https:\/\/dexterlifts.com\/wp-content\/uploads\/2020\/05\/dexterlifts-logo-4-scale.jpg","contentUrl":"https:\/\/dexterlifts.com\/wp-content\/uploads\/2020\/05\/dexterlifts-logo-4-scale.jpg","width":1000,"height":670,"caption":"Dexter Lifts Oy"},"image":{"@id":"https:\/\/dexterlifts.com\/#\/schema\/logo\/image\/"}}]}},"_links":{"self":[{"href":"https:\/\/dexterlifts.com\/sv\/wp-json\/wp\/v2\/pages\/34859","targetHints":{"allow":["GET"]}}],"collection":[{"href":"https:\/\/dexterlifts.com\/sv\/wp-json\/wp\/v2\/pages"}],"about":[{"href":"https:\/\/dexterlifts.com\/sv\/wp-json\/wp\/v2\/types\/page"}],"author":[{"embeddable":true,"href":"https:\/\/dexterlifts.com\/sv\/wp-json\/wp\/v2\/users\/3"}],"replies":[{"embeddable":true,"href":"https:\/\/dexterlifts.com\/sv\/wp-json\/wp\/v2\/comments?post=34859"}],"version-history":[{"count":8,"href":"https:\/\/dexterlifts.com\/sv\/wp-json\/wp\/v2\/pages\/34859\/revisions"}],"predecessor-version":[{"id":40307,"href":"https:\/\/dexterlifts.com\/sv\/wp-json\/wp\/v2\/pages\/34859\/revisions\/40307"}],"wp:attachment":[{"href":"https:\/\/dexterlifts.com\/sv\/wp-json\/wp\/v2\/media?parent=34859"}],"curies":[{"name":"wp","href":"https:\/\/api.w.org\/{rel}","templated":true}]}}